{"id":497,"date":"2022-03-29T21:28:07","date_gmt":"2022-03-29T21:28:07","guid":{"rendered":"https:\/\/pierrick-dufray.eurosof.de\/?page_id=497"},"modified":"2026-02-19T17:57:02","modified_gmt":"2026-02-19T17:57:02","slug":"neues-aus-afghanistan","status":"publish","type":"page","link":"https:\/\/pierrick-dufray.eurosof.de\/en\/neues-aus-afghanistan\/","title":{"rendered":"Publications"},"content":{"rendered":"\n<p>18.02.2026<\/p>\n\n\n\n<p><strong>Mein neues Buch <\/strong><br><strong>Die Geschichte von Bamiyan:<\/strong><br><strong>Von Adam und Eva bis zu den Taliban.<\/strong><br><strong>Von Alexander dem Gro\u00dfen bis Dschingis Khan.<\/strong><br><strong>Von Zarathustra bis Mohammed.<\/strong><br><strong>Von Buddha bis Rumi<\/strong><br><strong>Mit Zeugnissen von<\/strong><br><strong>Chinesen und Amerikaner,<\/strong><br><strong>Briten und Inder,<\/strong><br><strong>Frauen und M\u00e4nner,<\/strong><br><strong>Hazaras und Paschtunen.<\/strong><br><br><strong>Bamiyan, ein Dorf, ein mythisches Tal an der Seidenstra\u00dfe, gesch\u00fctzt durch fast un\u00fcberwindbare Berge.<\/strong><br><strong>Zivilisationen, Kulturen und Religionen folgten hier aufeinander, bl\u00fchten auf, bevor sie verschwanden, einige ohne Spuren zu hinterlassen. Pilger und Propheten, Dichter und M\u00f6nche kamen hierher, um zu beten, zu tanzen und gigantische Buddhas in den Felsen zu mei\u00dfeln, die \u00fcber die gesamte Region strahlten.<\/strong><br><strong>Eroberer und Fanatiker haben sie entstellt, aber Abenteurer und Entdecker haben ihr neues Leben eingehaucht. Kolonialisierung, Sklaverei, ethnische S\u00e4uberungen und religi\u00f6ser Fanatismus verbreiteten anschlie\u00dfend Terror, entmenschlichten die Hazara-Bev\u00f6lkerung und blendeten die Buddhas.<\/strong><br><strong>Die Taliban zerst\u00f6rten schlie\u00dflich zu Beginn des 21. Jahrhunderts die Buddhas, das Tal wurde verst\u00fcmmelt, entstellt, und Bamiyan tr\u00e4umt heute nur noch davon, wieder ein friedliches Tal zu werden.<\/strong><\/p>\n\n\n\n<figure class=\"wp-block-embed is-type-rich is-provider-amazon wp-block-embed-amazon\"><div class=\"wp-block-embed__wrapper\">\n<iframe loading=\"lazy\" title=\"Bamiyan, das entstelle Tal\" type=\"text\/html\" width=\"525\" height=\"550\" frameborder=\"0\" allowfullscreen style=\"max-width:100%\" src=\"https:\/\/lesen.amazon.de\/kp\/card?preview=inline&#038;linkCode=kpd&#038;ref_=k4w_oembed_ygxKZbkfVViXmw&#038;asin=B0GHL6XR5N&#038;tag=kpembed-20\"><\/iframe>\n<\/div><\/figure>\n\n\n\n<p>2\/09\/2025<\/p>\n\n\n\n<p class=\"has-text-align-center\"><br>&#8220;Die Stupa&#8217;s (Topes) oder die architectonischen Denkmale an der Indo-Baktrischen K\u00f6nigsstra\u00dfe und die Colosse von Bamiyan&#8221; von Carl Ritter<br>habe ich jetzt ins Franz\u00f6sische \u00fcbersetzt:<\/p>\n\n\n\n<figure class=\"wp-block-embed is-type-rich is-provider-amazon wp-block-embed-amazon\"><div class=\"wp-block-embed__wrapper\">\n<iframe loading=\"lazy\" title=\"Stupas indobactriens et les Colosses de Bamiyan\" type=\"text\/html\" width=\"525\" height=\"550\" frameborder=\"0\" allowfullscreen style=\"max-width:100%\" src=\"https:\/\/lire.amazon.fr\/kp\/card?preview=inline&#038;linkCode=kpd&#038;ref_=k4w_oembed_foXNjAoBKLhqMV&#038;asin=B0FKKGZXQD&#038;tag=kpembed-20\"><\/iframe>\n<\/div><\/figure>\n\n\n\n<p>23.03.2025<\/p>\n\n\n\n<p>Die 12. Ausgabe von \u00c9cho Antonin Artaud, den Frauen gewidmet, die das Leben von Antonin Artaud gepr\u00e4gt haben, ist gerade erschienen.<br><a href=\"https:\/\/echoantoninartaud.com\/wp-content\/uploads\/2025\/03\/muses-artaud.pdf\">https:\/\/echoantoninartaud.com\/les-numeros-decho-antonin-artaud\/<\/a><br>Inmitten all dieser Frauen, auf den Seiten 118-121: \u201eAna\u00efs Nin und Antonin Artaud \u201c mein Artikel \u00fcber die Liebesbeziehung zwischen dem geh\u00e4uteten Artaud und Ana\u00efs Nin, einer leidenschaftlichen und aufregenden Frau, die f\u00fcr ihre Tageb\u00fccher, ihr innovatives Werk und ihre Beziehung zu Henry Miller und dessen Frau ber\u00fchmt ist.<\/p>\n\n\n\n<figure class=\"wp-block-image size-large\"><a href=\"https:\/\/echoantoninartaud.com\/wp-content\/uploads\/2025\/03\/muses-artaud.pdf\"><img decoding=\"async\" src=\"https:\/\/echoantoninartaud.com\/wp-content\/uploads\/2025\/03\/1.png?w=1024\" alt=\"\"\/><\/a><\/figure>\n\n\n\n<p>13.01.2025<\/p>\n\n\n\n<p>Die 11. Ausgabe von Echo Antonin Artaud \u00fcber \u201eArtaud et le Rock\u201c ist soeben erschienen:<br>https:\/\/echoantoninartaud.com\/echo-antonin-artaud-issues-to-download-in-english\/<br>Inmitten einer gro\u00dfartigen und spannenden Publikation befindet sich auf den Seiten 62-67 mein Artikel \u00fcber die Beziehung zwischen Antonin Artaud und der Beat Generation \u201eArtaud meets Beats\u201c.<\/p>\n\n\n\n<figure class=\"wp-block-image size-full\"><a href=\"https:\/\/echoantoninartaud.com\/echo-antonin-artaud-issues-to-download-in-english\/\"><img loading=\"lazy\" decoding=\"async\" width=\"1024\" height=\"1024\" src=\"https:\/\/pierrick-dufray.eurosof.de\/wp-content\/uploads\/2025\/01\/echoartaud1.webp\" alt=\"\" class=\"wp-image-684\" srcset=\"https:\/\/pierrick-dufray.eurosof.de\/wp-content\/uploads\/2025\/01\/echoartaud1.webp 1024w, https:\/\/pierrick-dufray.eurosof.de\/wp-content\/uploads\/2025\/01\/echoartaud1-300x300.webp 300w, https:\/\/pierrick-dufray.eurosof.de\/wp-content\/uploads\/2025\/01\/echoartaud1-150x150.webp 150w, https:\/\/pierrick-dufray.eurosof.de\/wp-content\/uploads\/2025\/01\/echoartaud1-768x768.webp 768w, https:\/\/pierrick-dufray.eurosof.de\/wp-content\/uploads\/2025\/01\/echoartaud1-100x100.webp 100w\" sizes=\"auto, (max-width: 767px) 89vw, (max-width: 1000px) 54vw, (max-width: 1071px) 543px, 580px\" \/><\/a><\/figure>\n\n\n\n<h2 class=\"wp-block-heading\">29.12.2014<\/h2>\n\n\n\n<p><strong>Mit einem Dekret verbieten die Taliban Fenster mit Blick auf Frauenbereiche.<\/strong><\/p>\n\n\n\n<p>Seit der erneuten Macht\u00fcbernahme der Taliban in Afghanistan vor drei Jahren sind Frauen nach und nach aus dem \u00f6ffentlichen Raum verbannt worden. Ein k\u00fcrzlich verabschiedetes Gesetz verbietet Frauen, in der \u00d6ffentlichkeit ihre Stimme zu erheben. Dar\u00fcber hinaus d\u00fcrfen M\u00e4dchen keine weiterf\u00fchrenden Schulen mehr besuchen. Die Vereinten Nationen kritisieren die Entwicklung scharf und sprechen von einer \u201eGeschlechter-Apartheid\u201c.<\/p>\n\n\n\n<p>Diese Nachricht wurde am 29.12.2024 im Programm Deutschlandfunk gesendet.<\/p>\n\n\n\n<p>23.12.2024<\/p>\n\n\n\n<h2 class=\"wp-block-heading\"><strong>Hommage an Antonin Artaud und an die Beat Generation<\/strong><\/h2>\n\n\n\n<p><\/p>\n\n\n\n<figure class=\"wp-block-embed is-type-rich is-provider-amazon wp-block-embed-amazon\"><div class=\"wp-block-embed__wrapper\">\n<iframe loading=\"lazy\" title=\"Hommage an Antonin Artaud und an die Beat Generation\" type=\"text\/html\" width=\"525\" height=\"550\" frameborder=\"0\" allowfullscreen style=\"max-width:100%\" src=\"https:\/\/lesen.amazon.de\/kp\/card?preview=inline&#038;linkCode=kpd&#038;ref_=k4w_oembed_4Mnvck5y9dflY9&#038;asin=B0DRD282M7&#038;tag=kpembed-20\"><\/iframe>\n<\/div><\/figure>\n\n\n\n<h2 class=\"wp-block-heading\">10.12.2024<\/h2>\n\n\n\n<h2 class=\"wp-block-heading\"><strong>Auf Buddhas Kopf<\/strong><\/h2>\n\n\n\n<p> Mein erstes Buch &#8220;Auf Buddhas Kopf &#8221; wurde korrigiert und aktualisiert.<\/p>\n\n\n\n<p>Es ist nun wieder erh\u00e4ltlich.<\/p>\n\n\n\n<figure class=\"wp-block-embed is-type-rich is-provider-amazon wp-block-embed-amazon\"><div class=\"wp-block-embed__wrapper\">\n<iframe loading=\"lazy\" title=\"Auf Buddhas Kopf: Der gro\u00dfe Trip\" type=\"text\/html\" width=\"525\" height=\"550\" frameborder=\"0\" allowfullscreen style=\"max-width:100%\" src=\"https:\/\/lesen.amazon.de\/kp\/card?preview=inline&#038;linkCode=kpd&#038;ref_=k4w_oembed_fIDUIq9FqCi0Kw&#038;asin=B0DPX7Q4V2&#038;tag=kpembed-20\"><\/iframe>\n<\/div><\/figure>\n\n\n\n<p>30.04.2022<\/p>\n\n\n\n<h1 style=\"text-align: center;\"><strong>Offener Brief eines Franzosen an den Russlanddeutschen und Deutschrussen<\/strong><\/h1>\n<p>1972, sieben und zwanzig Jahre nach dem Ende des Zweiten Weltkriegs, bin ich, als Franzoser, nach Deutschland gekommen und lebe nun in diesem Land seit 50 Jahren.<br \/>Als ich nach Deutschland kam, waren die Deutsche von der Mehrheit der Europ\u00e4er immer noch gehasst und viele Franzosen, wie \u00fcbrigens mein Gro\u00dfvater, nannten sie beleidigend: &#8220;sales Boches&#8221; oder &#8220;Schleux&#8221;, was mein Gro\u00dfvater bis zu seinem Tod konsequent gemacht hat.<br \/>Die Deutschen haben das jahrzehntelang widerstandslos ertragen m\u00fcssen und auch damit leben m\u00fcssen die Parias Europa zu sein.<br \/>Genau wie ich, als Franzoser, damit leben muss, dass viele Algerier und viele franz\u00f6sisch sprechenden West Afrikaner mich hassen wegen Taten, f\u00fcr die ich \u00fcberhaupt nichts kann und die ich sogar selbst verurteile; Taten die vor 60 Jahren und mehr stattgefunden haben. Ob die Gr\u00fcnde f\u00fcr diesen Groll oder diesen Hass emotionaler, politischer oder anderer Natur sind, spielt f\u00fcr die B\u00fcrger, die oftmals nichts damit zu tun haben, weil sie damals noch nicht mal geboren waren, eigentlich keine Rolle.<br \/>Sie m\u00fcssen damit leben! Das ist der Preis der Geschichte!<\/p>\n<p>Glauben sie also nicht, dass die russische Invasion der Ukraine bald vergessen sein wird, und seien sie sich nicht \u00fcberrascht, wenn ein Gro\u00dfteil der europ\u00e4ischen Bev\u00f6lkerung sie in den n\u00e4chsten 30 bis 50 Jahren hassen und als &#8220;dreckigen Russen&#8221; bezeichnen oder sie schief ansehen wird, auch wenn Sie nichts daf\u00fcr k\u00f6nnen, genauso wie es bei mir der Fall war und manchmal noch ist, wenn es um die franz\u00f6sischen Verbrechen w\u00e4hrend der Kolonialisierung geht, auch wenn ich den Kolonialismus immer verurteilt und bek\u00e4mpft habe.<br \/>Das Gleiche gilt f\u00fcr die &#8220;glorreiche russische Armee&#8221;, die Nachfolgerin der Roten Armee, die bis jetzt noch keinen besonders guten Ruf hatte, sich aber zumindest r\u00fchmen k\u00f6nnte eine Befreiungsarmee zu sein, sie wird in den n\u00e4chsten hundert Jahren nicht in der Lage sein, sich von dem reinzuwaschen, was sie dem ukrainischen Volk angetan hat, ganz zu schweigen von dem, was sie in den Jahren davor, dem tschetschenischen, dem syrischen und anderen V\u00f6lkern angetan hat. Sie sollen sich mit dem Gedanken anfreunden, dass die ganze Welt die &#8220;Gro\u00dfe russische Armee&#8221; nun als eine &#8220;Armee von Vergewaltigern und Pl\u00fcnderern&#8221; betrachtet, eine Bande blutiger M\u00f6rder ohne Glauben und Gesetz, die kaum besser sind als die Nazi-Soldaten des letzten Weltkriegs und die jetzt zu deren traurigen Nachfolgern geworden sind. Alle Russen und vielleicht sogar alle die man als Russe zu erkennen meint, werden lernen m\u00fcssen damit zu leben.<br \/>Die Geschichte zeigt erneut, dass das kollektive Ged\u00e4chtnis der V\u00f6lker oft mehrere Generationen \u00fcberdauert, wenn die beteiligten V\u00f6lker nichts unternehmen, um diese manchmal tiefsitzende Wunden zu heilen, besonders wenn diese kollektive Wunden k\u00fcnstlich aufgerissen werden von gerissenen Politikern die es verstehen sie geschickt politisch ausnutzen.<\/p>\n<p>Russland muss diese und andere traurigen Teile seiner Geschichte schonungslos aufarbeiten. Die Verantwortung f\u00fcr die schlimmsten Momente dieser Geschichte muss \u00fcbernommen werden, so wie es die Deutschen, nicht ohne M\u00fche, nach dem Krieg getan haben oder so wie es der franz\u00f6sischer Staat langsam mit Algerien versucht, um eines Tages vielleicht das Vertrauen der ganzen Welt zur\u00fcckzugewinnen. Es wird ein schwerer Weg sein und das russische Volk wird viel Mut brauchen, um sich der Schande zu stellen; Schanden die sie noch viele Jahre lang verfolgen werden, egal wie sehr sie sich daf\u00fcr ernsthaft entschuldigen und um Vergebung bem\u00fchen.<br \/>Und vielleicht, eines Tages, wird ein russischer Pr\u00e4sident vor dem Europarat eine Friedensrede halten, die den Beginn einer neuen \u00c4ra f\u00fcr Europa und die Welt markieren wird.<\/p>\n<p>Nichts ist unm\u00f6glich!<br \/>Man muss nur anfangen das Richtige zu tun!<\/p>\n\n\n\n<p>27.03.2022<\/p>\n\n\n\n<p>Das Ministerium f\u00fcr die F\u00f6rderung der Tugend und die Vorbeugung des Lasters hat am Sonntag einen nach Geschlechtern getrennten Wochenplan f\u00fcr die Parks in Kabul angek\u00fcndigt. Am Sonntag, Montag und Dienstag k\u00f6nnen Frauen die Parks besuchen, w\u00e4hrend<br>M\u00e4nner die Parks am Mittwoch, Donnerstag, Freitag und Samstag besuchen k\u00f6nnen.<\/p>\n\n\n\n<p><\/p>\n\n\n\n<p>23.03.2022<\/p>\n\n\n\n<p><a href=\"https:\/\/gandhara.rferl.org\/a\/taliban-closes-girls-schools-afghanistan\/31766277.html?fbclid=IwAR1aRkL4QYsmjbVC870RXqC___XfhG2btLgwnHbc1oWbx1y3Dimxf3VD3MY\">Zerplatzte&#8221; Tr\u00e4ume: Taliban brechen ihr Versprechen, Schulen f\u00fcr M\u00e4dchen zu \u00f6ffnen<\/a><\/p>\n\n\n\n<p>14.12.2021<\/p>\n\n\n\n<p><a href=\"https:\/\/www.facebook.com\/plugins\/post.php?href=https%3A%2F%2Fwww.facebook.com%2Fpierrick.dufray.1%2Fposts%2F464830558428130&amp;show_text=true&amp;width=500\">Was wollt ihr machen? Uns alle t\u00f6ten?\u201c Afghanistans Frauen unter der Taliban-Herrschaft<\/a><\/p>\n\n\n\n<p>06.12.2021:<br><a href=\"https:\/\/www.france24.com\/fr\/asie-pacifique\/20211206-en-afghanistan-la-faim-s-installe-et-menace-particuli%C3%A8rement-des-b%C3%A9b%C3%A9s-de-moins-de-six-mois?fbclid=IwAR220NYiUucumWPL9XQysuUYcosQZmztX3JqzeIgU9xscFQsxdqEyIrG5ig&amp;ref=fb\" target=\"_blank\" rel=\"noreferrer noopener\">In Afghanistan breitet sich der Hunger aus und bedroht vor allem Babys unter sechs Monaten<\/a><\/p>\n","protected":false},"excerpt":{"rendered":"<p>18.02.2026 Mein neues Buch Die Geschichte von Bamiyan:Von Adam und Eva bis zu den Taliban.Von Alexander dem Gro\u00dfen bis Dschingis Khan.Von Zarathustra bis Mohammed.Von Buddha bis RumiMit Zeugnissen vonChinesen und Amerikaner,Briten und Inder,Frauen und M\u00e4nner,Hazaras und Paschtunen. Bamiyan, ein Dorf, ein mythisches Tal an der Seidenstra\u00dfe, gesch\u00fctzt durch fast un\u00fcberwindbare Berge.Zivilisationen, Kulturen und Religionen folgten &hellip; <\/p>\n<p class=\"link-more\"><a href=\"https:\/\/pierrick-dufray.eurosof.de\/en\/neues-aus-afghanistan\/\" class=\"more-link\">Continue reading<span class=\"screen-reader-text\"> &#8220;Publications&#8221;<\/span><\/a><\/p>\n","protected":false},"author":1,"featured_media":0,"parent":0,"menu_order":0,"comment_status":"open","ping_status":"closed","template":"","meta":{"_monsterinsights_skip_tracking":false,"_monsterinsights_sitenote_active":false,"_monsterinsights_sitenote_note":"","_monsterinsights_sitenote_category":0,"footnotes":""},"class_list":["post-497","page","type-page","status-publish","hentry"],"translation":{"provider":"WPGlobus","version":"3.0.2","language":"en","enabled_languages":["de","fr","en"],"languages":{"de":{"title":true,"content":true,"excerpt":false},"fr":{"title":true,"content":true,"excerpt":false},"en":{"title":true,"content":false,"excerpt":false}}},"aioseo_notices":[],"_links":{"self":[{"href":"https:\/\/pierrick-dufray.eurosof.de\/en\/wp-json\/wp\/v2\/pages\/497","targetHints":{"allow":["GET"]}}],"collection":[{"href":"https:\/\/pierrick-dufray.eurosof.de\/en\/wp-json\/wp\/v2\/pages"}],"about":[{"href":"https:\/\/pierrick-dufray.eurosof.de\/en\/wp-json\/wp\/v2\/types\/page"}],"author":[{"embeddable":true,"href":"https:\/\/pierrick-dufray.eurosof.de\/en\/wp-json\/wp\/v2\/users\/1"}],"replies":[{"embeddable":true,"href":"https:\/\/pierrick-dufray.eurosof.de\/en\/wp-json\/wp\/v2\/comments?post=497"}],"version-history":[{"count":44,"href":"https:\/\/pierrick-dufray.eurosof.de\/en\/wp-json\/wp\/v2\/pages\/497\/revisions"}],"predecessor-version":[{"id":785,"href":"https:\/\/pierrick-dufray.eurosof.de\/en\/wp-json\/wp\/v2\/pages\/497\/revisions\/785"}],"wp:attachment":[{"href":"https:\/\/pierrick-dufray.eurosof.de\/en\/wp-json\/wp\/v2\/media?parent=497"}],"curies":[{"name":"wp","href":"https:\/\/api.w.org\/{rel}","templated":true}]}}